{"id":149,"date":"2024-10-18T15:06:30","date_gmt":"2024-10-18T15:06:30","guid":{"rendered":"https:\/\/donnezunsens.org\/?page_id=149"},"modified":"2025-10-22T14:32:48","modified_gmt":"2025-10-22T14:32:48","slug":"149-2","status":"publish","type":"page","link":"https:\/\/donnezunsens.org\/index.php\/149-2\/","title":{"rendered":"\u00c0 propos"},"content":{"rendered":"<p>[et_pb_section fb_built=&#8221;1&#8243; _builder_version=&#8221;4.27.2&#8243; _module_preset=&#8221;default&#8221; use_background_color_gradient=&#8221;on&#8221; background_color_gradient_stops=&#8221;rgba(255,255,255,0.68) 0%|rgba(255,255,255,0.93) 100%&#8221; background_color_gradient_overlays_image=&#8221;on&#8221; background_image=&#8221;https:\/\/donnezunsens.org\/wp-content\/uploads\/2023\/11\/Photos_Podcast.jpg&#8221; global_colors_info=&#8221;{}&#8221;][et_pb_row _builder_version=&#8221;4.27.2&#8243; _module_preset=&#8221;default&#8221; global_colors_info=&#8221;{}&#8221;][et_pb_column type=&#8221;4_4&#8243; _builder_version=&#8221;4.27.2&#8243; _module_preset=&#8221;default&#8221; global_colors_info=&#8221;{}&#8221;][et_pb_text _builder_version=&#8221;4.27.2&#8243; _module_preset=&#8221;default&#8221; global_colors_info=&#8221;{}&#8221;]<\/p>\n<h1>\u00c0 propos<\/h1>\n<p>[\/et_pb_text][\/et_pb_column][\/et_pb_row][\/et_pb_section][et_pb_section fb_built=&#8221;1&#8243; _builder_version=&#8221;4.27.2&#8243; _module_preset=&#8221;default&#8221; global_colors_info=&#8221;{}&#8221;][et_pb_row column_structure=&#8221;1_3,1_3,1_3&#8243; _builder_version=&#8221;4.27.4&#8243; _module_preset=&#8221;default&#8221; max_width=&#8221;80%&#8221; hover_enabled=&#8221;0&#8243; global_colors_info=&#8221;{}&#8221; sticky_enabled=&#8221;0&#8243;][et_pb_column type=&#8221;1_3&#8243; _builder_version=&#8221;4.27.2&#8243; _module_preset=&#8221;default&#8221; custom_padding=&#8221;5vw||5vw||true|false&#8221; global_colors_info=&#8221;{}&#8221;][et_pb_image src=&#8221;https:\/\/donnezunsens.org\/wp-content\/uploads\/2023\/10\/centraide.png&#8221; title_text=&#8221;centraide&#8221; _builder_version=&#8221;4.27.2&#8243; _module_preset=&#8221;default&#8221; global_colors_info=&#8221;{}&#8221;][\/et_pb_image][et_pb_gallery _builder_version=&#8221;4.27.4&#8243; _module_preset=&#8221;default&#8221; gallery_ids=&#8221;227&#8243; hover_enabled=&#8221;0&#8243; sticky_enabled=&#8221;0&#8243; min_height=&#8221;422.7px&#8221;][\/et_pb_gallery][\/et_pb_column][et_pb_column type=&#8221;1_3&#8243; _builder_version=&#8221;4.27.2&#8243; _module_preset=&#8221;default&#8221; global_colors_info=&#8221;{}&#8221;][et_pb_text _builder_version=&#8221;4.27.4&#8243; _module_preset=&#8221;default&#8221; global_colors_info=&#8221;{}&#8221;]<\/p>\n<h2>Claire Rousse<\/h2>\n<p style=\"font-weight: 400;\"><span>Directrice | D\u00e9veloppement philanthropique<\/span><\/p>\n<p><span><a href=\"mailto:crousse@centraidelaurentides.org\">crousse@centraidelaurentides.org<\/a><\/span><span><\/span><\/p>\n<p><span><\/span><\/p>\n<p>[\/et_pb_text][et_pb_text _builder_version=&#8221;4.27.2&#8243; _module_preset=&#8221;default&#8221; global_colors_info=&#8221;{}&#8221;]<\/p>\n<p>Forte d\u2019une exp\u00e9rience combinant le milieu corporatif et le secteur philanthropique, Claire a dirig\u00e9 diff\u00e9rentes fondations et a d\u00e9velopp\u00e9 une expertise dans la mobilisation d\u2019\u00e9quipes, la cr\u00e9ation de partenariats durables et l\u2019entretien de relations de confiance avec les donateurs.<\/p>\n<p>Anim\u00e9e par des valeurs de respect, de solidarit\u00e9 et d\u2019efficacit\u00e9, elle souhaite mettre son leadership et son sens des affaires au service d\u2019une cause qui lui tient profond\u00e9ment \u00e0 c\u0153ur : soutenir les personnes en situation de vuln\u00e9rabilit\u00e9 et lutter contre la pauvret\u00e9.<\/p>\n<p>Elle entreprend ce nouveau d\u00e9fi avec \u00e9nergie et passion, persuad\u00e9e que le changement na\u00eet de l\u2019entraide, du dialogue et de gestes concrets pos\u00e9s ensemble.<\/p>\n<p>[\/et_pb_text][\/et_pb_column][et_pb_column type=&#8221;1_3&#8243; _builder_version=&#8221;4.27.2&#8243; _module_preset=&#8221;default&#8221; global_colors_info=&#8221;{}&#8221;][et_pb_text _builder_version=&#8221;4.27.2&#8243; _module_preset=&#8221;default&#8221; global_colors_info=&#8221;{}&#8221;]<\/p>\n<h2>T\u00e9moignages d&#8217;un donateur<\/h2>\n<p>[\/et_pb_text][et_pb_text _builder_version=&#8221;4.27.2&#8243; _module_preset=&#8221;default&#8221; global_colors_info=&#8221;{}&#8221;]<\/p>\n<p>\u00ab Mon engagement envers ma communaut\u00e9 a toujours \u00e9t\u00e9 profond\u00e9ment enracin\u00e9 en moi. Au fil des ans, j&#8217;ai cherch\u00e9 des moyens de contribuer \u00e0 am\u00e9liorer la vie des gens autour de moi, mais je voulais quelque chose de plus durable, quelque chose qui puisse avoir un impact, m\u00eame apr\u00e8s mon d\u00e9part. C&#8217;est ainsi que j&#8217;ai d\u00e9couvert le don planifi\u00e9. En discutant avec mon notaire, j&#8217;ai exprim\u00e9 mon d\u00e9sir de l\u00e9guer une partie de mes actifs \u00e0 ma communaut\u00e9 apr\u00e8s mon d\u00e9c\u00e8s. Poss\u00e9dant un immeuble depuis de nombreuses ann\u00e9es, je savais que ce geste pourrait \u00eatre un moyen puissant d&#8217;apporter un soutien concret \u00e0 ceux qui en ont le plus besoin. Mon notaire a \u00e9t\u00e9 extr\u00eamement pr\u00e9cieux dans tout le processus. Prendre cette d\u00e9cision a \u00e9t\u00e9 une \u00e9tape significative pour moi. C&#8217;est un moyen tangible de laisser un h\u00e9ritage qui aura un impact r\u00e9el et positif sur la vie des autres. Je suis fi\u00e8re de savoir que mon don contribuera \u00e0 am\u00e9liorer la vie de tant de personnes dans le besoin dans ma communaut\u00e9, et j&#8217;esp\u00e8re que cela inspirera d&#8217;autres \u00e0 faire de m\u00eame. \u00bb<\/p>\n<p>&#8211; Mme Cloutier.<\/p>\n<p>[\/et_pb_text][\/et_pb_column][\/et_pb_row][\/et_pb_section][et_pb_section fb_built=&#8221;1&#8243; _builder_version=&#8221;4.27.2&#8243; _module_preset=&#8221;default&#8221; background_color=&#8221;#e3e3e3&#8243; global_colors_info=&#8221;{}&#8221;][et_pb_row column_structure=&#8221;1_3,1_3,1_3&#8243; _builder_version=&#8221;4.27.2&#8243; _module_preset=&#8221;default&#8221; max_width=&#8221;80%&#8221; global_colors_info=&#8221;{}&#8221;][et_pb_column type=&#8221;1_3&#8243; _builder_version=&#8221;4.27.2&#8243; _module_preset=&#8221;default&#8221; custom_padding=&#8221;5vw||5vw||true|false&#8221; global_colors_info=&#8221;{}&#8221;][et_pb_image src=&#8221;https:\/\/donnezunsens.org\/wp-content\/uploads\/2023\/11\/pallia-vie-250&#215;300.png&#8221; title_text=&#8221;pallia-vie&#8221; align=&#8221;center&#8221; _builder_version=&#8221;4.27.2&#8243; _module_preset=&#8221;default&#8221; global_colors_info=&#8221;{}&#8221;][\/et_pb_image][et_pb_image src=&#8221;https:\/\/donnezunsens.org\/wp-content\/uploads\/2024\/11\/PhotoMSol2024.jpeg&#8221; title_text=&#8221;PhotoMSol2024&#8243; _builder_version=&#8221;4.27.4&#8243; _module_preset=&#8221;default&#8221; global_colors_info=&#8221;{}&#8221;][\/et_pb_image][\/et_pb_column][et_pb_column type=&#8221;1_3&#8243; _builder_version=&#8221;4.27.2&#8243; _module_preset=&#8221;default&#8221; global_colors_info=&#8221;{}&#8221;][et_pb_text _builder_version=&#8221;4.27.4&#8243; _module_preset=&#8221;default&#8221; global_colors_info=&#8221;{}&#8221;]<\/p>\n<h2>Marie-Sol Perreault Desharnais<\/h2>\n<p>Directrice du d\u00e9veloppement et des relations avec la communaut\u00e9<\/p>\n<p><span><a href=\"mailto:marie-sol.desharnais@pallia-vie.ca\">marie-sol.desharnais@pallia-vie.ca<\/a><\/span><span><\/span><\/p>\n<p><span><\/span><\/p>\n<p>[\/et_pb_text][et_pb_text _builder_version=&#8221;4.27.4&#8243; _module_preset=&#8221;default&#8221; global_colors_info=&#8221;{}&#8221;]<\/p>\n<div><span style=\"font-size: medium;\">Marie-Sol occupe le poste de Directrice de la Fondation Pallia-Vie, o\u00f9 elle met son expertise et sa passion au service du d\u00e9veloppement philanthropique afin de soutenir la mission essentielle de l\u2019organisme.\u00a0<\/span><\/div>\n<div><span style=\"font-size: medium;\">Avant cela, elle a gravit\u00e9 autour de l\u2019\u00e9quipe de Centraide Laurentides durant plus de cinq ans. Commen\u00e7ant en tant que membre du conseil d\u2019administration et du comit\u00e9 d\u2019investissement, elle a progress\u00e9 pour occuper le poste de directrice g\u00e9n\u00e9rale adjointe et de d\u00e9veloppement philanthropique, apportant ainsi sa vision et son leadership \u00e0 la permanence de l\u2019organisation.<\/span><\/div>\n<div><span style=\"font-size: medium;\">\u00a0<\/span><\/div>\n<div><span style=\"font-size: medium;\"><\/span><\/div>\n<div><span style=\"font-size: medium;\"><\/span><\/div>\n<div><span style=\"font-size: medium;\"><\/span><\/div>\n<div><span style=\"font-size: medium;\"><\/span><\/div>\n<div><span style=\"font-size: medium;\"><\/span><\/div>\n<div><span style=\"font-size: medium;\"><\/span><\/div>\n<div><span style=\"font-size: medium;\"><\/span><\/div>\n<div><span style=\"font-size: medium;\">Forte de ses 20 ans d\u2019exp\u00e9rience en marketing et en d\u00e9veloppement des affaires, Marie-Sol orchestre avec succ\u00e8s des campagnes de financement qui mobilisent tant le grand public que les entreprises locales. Sa capacit\u00e9 de persuasion et son empathie en font une collaboratrice pr\u00e9cieuse et un pilier dans sa communaut\u00e9. <\/p>\n<p><\/span><span style=\"font-size: medium;\">Au-del\u00e0 de son d\u00e9vouement professionnel, Marie-Sol incarne la joie d\u2019\u00eatre maman de deux jeunes adultes et de trois adorables chiens. Elle partage \u00e9galement une belle complicit\u00e9 avec les trois enfants de son conjoint, formant ainsi une grande famille o\u00f9 r\u00e8gne une \u00e9nergie contagieuse. Cet \u00e9quilibre entre son engagement professionnel et sa vie familiale conf\u00e8re \u00e0 sa personnalit\u00e9 d\u00e9j\u00e0 d\u00e9vou\u00e9e \u00e0 la cause philanthropique une dimension humaine profonde et une authenticit\u00e9 touchante.<\/span><\/div>\n<div><span style=\"font-size: medium;\"><\/span><\/div>\n<div><span style=\"font-size: medium;\"><\/span><\/div>\n<div><span style=\"font-size: medium;\"><\/span><\/div>\n<p>[\/et_pb_text][\/et_pb_column][et_pb_column type=&#8221;1_3&#8243; _builder_version=&#8221;4.27.2&#8243; _module_preset=&#8221;default&#8221; global_colors_info=&#8221;{}&#8221;][et_pb_text _builder_version=&#8221;4.27.4&#8243; _module_preset=&#8221;default&#8221; global_colors_info=&#8221;{}&#8221;]<\/p>\n<h2>T\u00e9moignages d&#8217;un donateur<\/h2>\n<p>[\/et_pb_text][et_pb_text _builder_version=&#8221;4.27.2&#8243; _module_preset=&#8221;default&#8221; global_colors_info=&#8221;{}&#8221;]<\/p>\n<p>\u00ab Ma conjointe et moi avons toujours \u00e9t\u00e9 tout, l\u2019un pour l\u2019autre. N&#8217;ayant pas eu d&#8217;enfants, nous avons d\u00e9di\u00e9 notre vie \u00e0 nos carri\u00e8res respectives. Infirmi\u00e8re en p\u00e9diatrie, ma conjointe rayonnait d&#8217;une bienveillance incomparable. J&#8217;ai \u00e9t\u00e9 t\u00e9moin de son empathie et de son d\u00e9vouement envers les enfants, qu&#8217;elle soignait avec une tendresse infinie. Lorsqu&#8217;elle a \u00e9t\u00e9 admise \u00e0 la maison de soins palliatifs pour y vivre ses derniers jours, j&#8217;ai ressenti que toute la compassion qu&#8217;elle avait offerte pendant tant d&#8217;ann\u00e9es lui \u00e9tait renvoy\u00e9e par l&#8217;\u00e9quipe exceptionnelle qui prenait soin d&#8217;elle. Quelques mois apr\u00e8s son d\u00e9c\u00e8s, j&#8217;ai consult\u00e9 mon planificateur financier pour \u00e9valuer comment mieux g\u00e9rer ma nouvelle situation. C&#8217;est alors que j&#8217;ai d\u00e9cid\u00e9 de faire don de mon R\u00c9ER \u00e0 la fondation de la maison de soins palliatifs o\u00f9 ma femme avait \u00e9t\u00e9 si bien accompagn\u00e9e avant de nous quitter. Ce geste \u00e9tait \u00e0 la fois une expression de gratitude envers l&#8217;\u00e9quipe soignante, qui \u00e9tait devenue comme une famille pour nous dans ces moments difficiles, et un hommage \u00e0 l&#8217;amour et \u00e0 la g\u00e9n\u00e9rosit\u00e9 de ma conjointe. Je suis convaincu que ce don contribuera \u00e0 perp\u00e9tuer l&#8217;esprit de compassion et de d\u00e9licatesse qui a marqu\u00e9 la vie de ma femme et qui a \u00e9t\u00e9 si admirablement repr\u00e9sent\u00e9 tout au long de sa carri\u00e8re. \u00bb<\/p>\n<p>[\/et_pb_text][\/et_pb_column][\/et_pb_row][\/et_pb_section][et_pb_section fb_built=&#8221;1&#8243; _builder_version=&#8221;4.27.2&#8243; _module_preset=&#8221;default&#8221; global_colors_info=&#8221;{}&#8221;][et_pb_row column_structure=&#8221;1_3,1_3,1_3&#8243; _builder_version=&#8221;4.27.2&#8243; _module_preset=&#8221;default&#8221; max_width=&#8221;80%&#8221; global_colors_info=&#8221;{}&#8221;][et_pb_column type=&#8221;1_3&#8243; _builder_version=&#8221;4.27.2&#8243; _module_preset=&#8221;default&#8221; custom_padding=&#8221;5vw||5vw||true|false&#8221; global_colors_info=&#8221;{}&#8221;][et_pb_image src=&#8221;https:\/\/donnezunsens.org\/wp-content\/uploads\/2023\/10\/FHSJ_logo_H_coul_crop.jpg&#8221; title_text=&#8221;FHSJ_logo_H_coul_crop&#8221; _builder_version=&#8221;4.27.2&#8243; _module_preset=&#8221;default&#8221; global_colors_info=&#8221;{}&#8221;][\/et_pb_image][et_pb_image src=&#8221;https:\/\/donnezunsens.org\/wp-content\/uploads\/2024\/11\/CEGEP.jpeg&#8221; title_text=&#8221;CEGEP&#8221; _builder_version=&#8221;4.27.2&#8243; _module_preset=&#8221;default&#8221; global_colors_info=&#8221;{}&#8221;][\/et_pb_image][\/et_pb_column][et_pb_column type=&#8221;1_3&#8243; _builder_version=&#8221;4.27.2&#8243; _module_preset=&#8221;default&#8221; global_colors_info=&#8221;{}&#8221;][et_pb_text _builder_version=&#8221;4.27.4&#8243; _module_preset=&#8221;default&#8221; global_colors_info=&#8221;{}&#8221;]<\/p>\n<h2>Claude-\u00c9laine Langevin<\/h2>\n<p><span>Coordonnatrice &#8211; Partenariats et activit\u00e9s philanthropiques<\/span><\/p>\n<p><span><a href=\"mailto:Clangevin@cstj.qc.ca\">Clangevin@cstj.qc.ca<\/a><\/span><\/p>\n<p><span><\/span><\/p>\n<p>[\/et_pb_text][et_pb_text _builder_version=&#8221;4.27.4&#8243; _module_preset=&#8221;default&#8221; global_colors_info=&#8221;{}&#8221;]<\/p>\n<p>Avant de rejoindre la Fondation du C\u00e9gep de Saint-J\u00e9r\u00f4me, Claude-Elaine a acquis une pr\u00e9cieuse exp\u00e9rience en travaillant pour trois fondations dans sa communaut\u00e9. Son engagement b\u00e9n\u00e9vole au cours des 25 derni\u00e8res ann\u00e9es aupr\u00e8s de divers organismes, que ce soit pour des projets humanitaires comme l&#8217;int\u00e9gration de r\u00e9fugi\u00e9s ou pour des \u00e9v\u00e9nements festifs d&#8217;envergure, t\u00e9moigne de sa passion pour le soutien de sa communaut\u00e9. Titulaire d&#8217;un dipl\u00f4me en cin\u00e9ma, anthropologie et sociologie, elle a \u00e9galement compl\u00e9t\u00e9 une Ma\u00eetrise en gestion de projets \u00e0 l\u2019\u00c9cole des Sciences de la Gestion en 2004, renfor\u00e7ant ainsi ses comp\u00e9tences en gestion et en leadership.<\/p>\n<p>Claude-Elaine nourrit une passion pour les voyages et a explor\u00e9 pr\u00e8s d&#8217;une cinquantaine de pays, enrichissant ainsi sa perspective et sa compr\u00e9hension du monde qui l&#8217;entoure. En plus de son d\u00e9vouement professionnel et de son engagement communautaire, elle accorde une grande importance \u00e0 son \u00e9quilibre de vie. Ainsi, elle ne travaille jamais les jours de temp\u00eate, pr\u00e9f\u00e9rant d\u00e9valer les pistes de ski, o\u00f9 elle trouve un v\u00e9ritable ressourcement.<\/p>\n<p>[\/et_pb_text][\/et_pb_column][et_pb_column type=&#8221;1_3&#8243; _builder_version=&#8221;4.27.2&#8243; _module_preset=&#8221;default&#8221; global_colors_info=&#8221;{}&#8221;][et_pb_text _builder_version=&#8221;4.27.2&#8243; _module_preset=&#8221;default&#8221; global_colors_info=&#8221;{}&#8221;]<\/p>\n<h2>T\u00e9moignages d&#8217;un donateur<\/h2>\n<p>[\/et_pb_text][et_pb_text _builder_version=&#8221;4.27.2&#8243; _module_preset=&#8221;default&#8221; global_colors_info=&#8221;{}&#8221;]\u00ab\u00a0\u00c0 titre d\u2019enseignante, je me suis toujours impliqu\u00e9e dans la vie \u00e9tudiante, je m\u2019y d\u00e9vouais. Il y a une vingtaine d\u2019ann\u00e9es, j\u2019ai souscrit \u00e0 une police d\u2019assurance-vie et d\u00e9sign\u00e9 la Fondation comme b\u00e9n\u00e9ficiaire. Pendant 10 ans, j\u2019ai pay\u00e9 une prime, d\u00e9ductible d\u2019imp\u00f4ts. Juste avant de prendre ma retraite, j\u2019ai inform\u00e9 la Fondation de mon intention de leur en faire don en exprimant mon souhait que la somme per\u00e7ue lors de mon d\u00e9c\u00e8s soit utilis\u00e9e afin de financer des bourses pour des \u00e9tudiants r\u00e9pondant \u00e0 certains crit\u00e8res. \u00bb <\/p>\n<p>-Madame B<\/p>\n<p>L&#8217;an dernier, la Fondation a re\u00e7u un don de 90 000 $ de la part de Madame B et a remis 10 bourses de 2 000 $ \u00e0 des \u00e9tudiants ayant un potentiel acad\u00e9mique \u00e9vident, mais vivant une situation familiale difficile pouvant compromettre leur poursuite d&#8217;\u00e9tudes. Gr\u00e2ce \u00e0 cette planification de son don, Madame B pourra continuer \u00e0 aider des dizaines d\u2019\u00e9tudiants pendant plusieurs ann\u00e9es, et ce, m\u00eame apr\u00e8s son d\u00e9c\u00e8s. Jade, l&#8217;une des b\u00e9n\u00e9ficiaires, est une m\u00e8re monoparentale \u00e9tudiant \u00e0 temps plein en techniques d\u2019analyses biom\u00e9dicales. Gr\u00e2ce \u00e0 cette bourse, elle b\u00e9n\u00e9ficie d&#8217;un pr\u00e9cieux soutien, et peut se concentrer pleinement sur sa r\u00e9ussite acad\u00e9mique.[\/et_pb_text][\/et_pb_column][\/et_pb_row][\/et_pb_section][et_pb_section fb_built=&#8221;1&#8243; _builder_version=&#8221;4.27.2&#8243; _module_preset=&#8221;default&#8221; background_color=&#8221;#e3e3e3&#8243; global_colors_info=&#8221;{}&#8221;][et_pb_row column_structure=&#8221;1_3,1_3,1_3&#8243; _builder_version=&#8221;4.27.2&#8243; _module_preset=&#8221;default&#8221; max_width=&#8221;80%&#8221; global_colors_info=&#8221;{}&#8221;][et_pb_column type=&#8221;1_3&#8243; _builder_version=&#8221;4.27.2&#8243; _module_preset=&#8221;default&#8221; custom_padding=&#8221;5vw||5vw||true|false&#8221; global_colors_info=&#8221;{}&#8221;][et_pb_image src=&#8221;https:\/\/donnezunsens.org\/wp-content\/uploads\/2023\/10\/FHSJ_logo_H_coul_crop.png&#8221; title_text=&#8221;FHSJ_logo_H_coul_crop&#8221; align=&#8221;center&#8221; _builder_version=&#8221;4.27.2&#8243; _module_preset=&#8221;default&#8221; global_colors_info=&#8221;{}&#8221;][\/et_pb_image][et_pb_image src=&#8221;https:\/\/donnezunsens.org\/wp-content\/uploads\/2024\/11\/Hopital.jpeg&#8221; title_text=&#8221;Hopital&#8221; _builder_version=&#8221;4.27.2&#8243; _module_preset=&#8221;default&#8221; global_colors_info=&#8221;{}&#8221;][\/et_pb_image][\/et_pb_column][et_pb_column type=&#8221;1_3&#8243; _builder_version=&#8221;4.27.2&#8243; _module_preset=&#8221;default&#8221; global_colors_info=&#8221;{}&#8221;][et_pb_text _builder_version=&#8221;4.27.4&#8243; _module_preset=&#8221;default&#8221; global_colors_info=&#8221;{}&#8221;]<\/p>\n<h2>Rapha\u00eblle Pr\u00e9vost<\/h2>\n<p>Directrice g\u00e9n\u00e9rale\u00a0<\/p>\n<p><span><a href=\"mailto:raphaelle.prevost@fondationhrsj.com\">raphaelle.prevost@fondationhrsj.com<\/a><\/span><span><\/span><\/p>\n<p><span><\/span><\/p>\n<p>[\/et_pb_text][et_pb_text _builder_version=&#8221;4.27.2&#8243; _module_preset=&#8221;default&#8221; global_colors_info=&#8221;{}&#8221;]<\/p>\n<p>Depuis 2022, Rapha\u00eblle dirige la Fondation de l\u2019H\u00f4pital r\u00e9gional de Saint-J\u00e9r\u00f4me, mettant \u00e0 profit ses nombreuses ann\u00e9es d&#8217;exp\u00e9rience dans le r\u00e9seau des Chambres de commerce des Laurentides et dans le domaine \u00e9v\u00e9nementiel. Sa passion pour la philanthropie s&#8217;est manifest\u00e9e pendant plus de 7 ans alors qu&#8217;elle coordonnait une activit\u00e9-b\u00e9n\u00e9fice pour le d\u00e9partement d\u2019h\u00e9mato-oncologie de l\u2019H\u00f4pital du Sacr\u00e9-C\u0153ur. Dipl\u00f4m\u00e9e en sciences de la communication et en relations publiques, Rapha\u00eblle est appr\u00e9ci\u00e9e de tous pour sa bonne humeur contagieuse.<\/p>\n<p>En dehors de ses activit\u00e9s professionnelles, elle trouve l&#8217;\u00e9quilibre en tant que maman de deux jeunes filles, avec lesquelles elle entretient une relation proche et attentionn\u00e9e, consacrant beaucoup de temps et d&#8217;\u00e9nergie \u00e0 leur bien-\u00eatre et \u00e0 leur \u00e9panouissement. Elle affectionne \u00e9galement les moments simples de la vie, comme savourer un caf\u00e9, profiter de longs week-ends dans le Maine et se laisser charmer par la magie de l&#8217;automne.<\/p>\n<p>[\/et_pb_text][\/et_pb_column][et_pb_column type=&#8221;1_3&#8243; _builder_version=&#8221;4.27.2&#8243; _module_preset=&#8221;default&#8221; global_colors_info=&#8221;{}&#8221;][et_pb_text _builder_version=&#8221;4.27.4&#8243; _module_preset=&#8221;default&#8221; global_colors_info=&#8221;{}&#8221;]<\/p>\n<h2>T\u00e9moignages d&#8217;un donateur<\/h2>\n<p>[\/et_pb_text][et_pb_text _builder_version=&#8221;4.27.2&#8243; _module_preset=&#8221;default&#8221; global_colors_info=&#8221;{}&#8221;]<\/p>\n<p>\u00ab Nous sommes si reconnaissants envers le personnel soignant de l&#8217;H\u00f4pital r\u00e9gional de Saint-J\u00e9r\u00f4me que nous souhaitons leur t\u00e9moigner notre profonde gratitude. Gr\u00e2ce aux excellents soins re\u00e7us sur place, notre petit-fils Mat\u00e9o a pu gu\u00e9rir, entour\u00e9 de sa famille, sans devoir \u00eatre transf\u00e9r\u00e9 dans les grands centres. Par cette exp\u00e9rience, nous avons r\u00e9alis\u00e9 l\u2019importance de recevoir des soins de proximit\u00e9 qui soient de grande qualit\u00e9. Si Mat\u00e9o avait plut\u00f4t \u00e9t\u00e9 hospitalis\u00e9 \u00e0 Montr\u00e9al, nous n\u2019aurions pas pu \u00eatre aussi pr\u00e9sents pour soutenir notre fille dans cette \u00e9preuve.<br \/>Lorsque nous avons rencontr\u00e9 notre planificateur financier peu de temps apr\u00e8s, ce dernier nous a inform\u00e9 qu\u2019il est plus avantageux fiscalement de donner des actions directement plut\u00f4t que de les vendre et de redonner l\u2019argent obtenu puisque le gain en capital est exempt d\u2019imp\u00f4t.<\/p>\n<p>Ainsi, nous avons choisi de transf\u00e9rer des actions cot\u00e9es en bourses \u00e0 la Fondation. Ce type de don est id\u00e9al dans le cas de titres dont la valeur a consid\u00e9rablement augment\u00e9 depuis leur acquisition et un re\u00e7u fiscal correspondant \u00e0 la valeur marchande des titres au moment de la cl\u00f4ture des march\u00e9s boursiers est \u00e9mis, le jour de leur d\u00e9p\u00f4t au compte de la Fondation. Cette approche, en plus d&#8217;offrir des avantages fiscaux, nous permet de soutenir l&#8217;h\u00f4pital qui a \u00e9t\u00e9 si crucial pour notre famille. \u00bb<\/p>\n<p>&#8211; Daniel et Michel<\/p>\n<p>[\/et_pb_text][\/et_pb_column][\/et_pb_row][\/et_pb_section]<\/p>\n","protected":false},"excerpt":{"rendered":"<p>\u00c0 proposClaire Rousse Directrice | D\u00e9veloppement philanthropique crousse@centraidelaurentides.org Forte d\u2019une exp\u00e9rience combinant le milieu corporatif et le secteur philanthropique, Claire a dirig\u00e9 diff\u00e9rentes fondations et a d\u00e9velopp\u00e9 une expertise dans la mobilisation d\u2019\u00e9quipes, la cr\u00e9ation de partenariats durables et l\u2019entretien de relations de confiance avec les donateurs. Anim\u00e9e par des valeurs de respect, de solidarit\u00e9 [&hellip;]<\/p>\n","protected":false},"author":1,"featured_media":0,"parent":0,"menu_order":0,"comment_status":"closed","ping_status":"closed","template":"","meta":{"_et_pb_use_builder":"on","_et_pb_old_content":"","_et_gb_content_width":"","footnotes":""},"class_list":["post-149","page","type-page","status-publish","hentry"],"_links":{"self":[{"href":"https:\/\/donnezunsens.org\/index.php\/wp-json\/wp\/v2\/pages\/149","targetHints":{"allow":["GET"]}}],"collection":[{"href":"https:\/\/donnezunsens.org\/index.php\/wp-json\/wp\/v2\/pages"}],"about":[{"href":"https:\/\/donnezunsens.org\/index.php\/wp-json\/wp\/v2\/types\/page"}],"author":[{"embeddable":true,"href":"https:\/\/donnezunsens.org\/index.php\/wp-json\/wp\/v2\/users\/1"}],"replies":[{"embeddable":true,"href":"https:\/\/donnezunsens.org\/index.php\/wp-json\/wp\/v2\/comments?post=149"}],"version-history":[{"count":12,"href":"https:\/\/donnezunsens.org\/index.php\/wp-json\/wp\/v2\/pages\/149\/revisions"}],"predecessor-version":[{"id":232,"href":"https:\/\/donnezunsens.org\/index.php\/wp-json\/wp\/v2\/pages\/149\/revisions\/232"}],"wp:attachment":[{"href":"https:\/\/donnezunsens.org\/index.php\/wp-json\/wp\/v2\/media?parent=149"}],"curies":[{"name":"wp","href":"https:\/\/api.w.org\/{rel}","templated":true}]}}